{"id":3125,"date":"2023-08-20T11:26:43","date_gmt":"2023-08-20T09:26:43","guid":{"rendered":"https:\/\/www.abba-annecy.org\/NewVersion\/?page_id=3125"},"modified":"2024-10-17T11:26:00","modified_gmt":"2024-10-17T09:26:00","slug":"mission","status":"publish","type":"page","link":"https:\/\/www.abba-annecy.org\/NewVersion\/mission\/","title":{"rendered":"Mission"},"content":{"rendered":"\n<p>L&rsquo;\u00e9glise soutient plusieurs missionnaires \u0153uvrant en France et \u00e0 l&rsquo;\u00e9tranger afin d&rsquo;encourager les \u00e9glises locales et de diffuser la parole de Dieu aupr\u00e8s des populations. <\/p>\n","protected":false},"excerpt":{"rendered":"<p>L&rsquo;\u00e9glise soutient plusieurs missionnaires \u0153uvrant en France et \u00e0 l&rsquo;\u00e9tranger afin d&rsquo;encourager les \u00e9glises locales et de diffuser la parole de Dieu aupr\u00e8s des populations.<\/p>\n","protected":false},"author":1,"featured_media":3122,"parent":0,"menu_order":0,"comment_status":"closed","ping_status":"closed","template":"","meta":{"_uag_custom_page_level_css":"","footnotes":""},"class_list":["post-3125","page","type-page","status-publish","has-post-thumbnail","hentry"],"yoast_head":"<!-- This site is optimized with the Yoast SEO plugin v26.6 - https:\/\/yoast.com\/wordpress\/plugins\/seo\/ -->\n<title>Mission - ABBA- Eglise \u00e9vang\u00e9lique - ANNECY Annecy - Eglise protestante \u00e9vang\u00e9lique<\/title>\n<meta name=\"description\" content=\"Soutien des missionnaires en France et \u00e0 l&#039;\u00e9tranger pour encourager les chr\u00e9tiens et diffuser la parole de Dieu\" \/>\n<meta name=\"robots\" content=\"index, follow, max-snippet:-1, max-image-preview:large, max-video-preview:-1\" \/>\n<link rel=\"canonical\" href=\"https:\/\/www.abba-annecy.org\/NewVersion\/mission\/\" \/>\n<meta property=\"og:locale\" content=\"fr_FR\" \/>\n<meta property=\"og:type\" content=\"article\" \/>\n<meta property=\"og:title\" content=\"Mission - ABBA- Eglise \u00e9vang\u00e9lique - ANNECY Annecy - Eglise protestante \u00e9vang\u00e9lique\" \/>\n<meta property=\"og:description\" content=\"Soutien des missionnaires en France et \u00e0 l&#039;\u00e9tranger pour encourager les chr\u00e9tiens et diffuser la parole de Dieu\" \/>\n<meta property=\"og:url\" content=\"https:\/\/www.abba-annecy.org\/NewVersion\/mission\/\" \/>\n<meta property=\"og:site_name\" content=\"ABBA- Eglise \u00e9vang\u00e9lique - ANNECY\" \/>\n<meta property=\"article:modified_time\" content=\"2024-10-17T09:26:00+00:00\" \/>\n<meta property=\"og:image\" content=\"https:\/\/www.abba-annecy.org\/NewVersion\/wp-content\/uploads\/2023\/08\/ben-white-gEKMstKfZ6w-unsplash-scaled.jpg\" \/>\n\t<meta property=\"og:image:width\" content=\"2560\" \/>\n\t<meta property=\"og:image:height\" content=\"1709\" \/>\n\t<meta property=\"og:image:type\" content=\"image\/jpeg\" \/>\n<meta name=\"twitter:card\" content=\"summary_large_image\" \/>\n<meta name=\"twitter:label1\" content=\"Dur\u00e9e de lecture estim\u00e9e\" \/>\n\t<meta name=\"twitter:data1\" content=\"1 minute\" \/>\n<script type=\"application\/ld+json\" class=\"yoast-schema-graph\">{\"@context\":\"https:\/\/schema.org\",\"@graph\":[{\"@type\":\"WebPage\",\"@id\":\"https:\/\/www.abba-annecy.org\/NewVersion\/mission\/\",\"url\":\"https:\/\/www.abba-annecy.org\/NewVersion\/mission\/\",\"name\":\"Mission - ABBA- Eglise \u00e9vang\u00e9lique - ANNECY Annecy - Eglise protestante \u00e9vang\u00e9lique\",\"isPartOf\":{\"@id\":\"https:\/\/www.abba-annecy.org\/NewVersion\/#website\"},\"primaryImageOfPage\":{\"@id\":\"https:\/\/www.abba-annecy.org\/NewVersion\/mission\/#primaryimage\"},\"image\":{\"@id\":\"https:\/\/www.abba-annecy.org\/NewVersion\/mission\/#primaryimage\"},\"thumbnailUrl\":\"https:\/\/www.abba-annecy.org\/NewVersion\/wp-content\/uploads\/2023\/08\/ben-white-gEKMstKfZ6w-unsplash-scaled.jpg\",\"datePublished\":\"2023-08-20T09:26:43+00:00\",\"dateModified\":\"2024-10-17T09:26:00+00:00\",\"description\":\"Soutien des missionnaires en France et \u00e0 l'\u00e9tranger pour encourager les chr\u00e9tiens et diffuser la parole de Dieu\",\"breadcrumb\":{\"@id\":\"https:\/\/www.abba-annecy.org\/NewVersion\/mission\/#breadcrumb\"},\"inLanguage\":\"fr-FR\",\"potentialAction\":[{\"@type\":\"ReadAction\",\"target\":[\"https:\/\/www.abba-annecy.org\/NewVersion\/mission\/\"]}]},{\"@type\":\"ImageObject\",\"inLanguage\":\"fr-FR\",\"@id\":\"https:\/\/www.abba-annecy.org\/NewVersion\/mission\/#primaryimage\",\"url\":\"https:\/\/www.abba-annecy.org\/NewVersion\/wp-content\/uploads\/2023\/08\/ben-white-gEKMstKfZ6w-unsplash-scaled.jpg\",\"contentUrl\":\"https:\/\/www.abba-annecy.org\/NewVersion\/wp-content\/uploads\/2023\/08\/ben-white-gEKMstKfZ6w-unsplash-scaled.jpg\",\"width\":2560,\"height\":1709},{\"@type\":\"BreadcrumbList\",\"@id\":\"https:\/\/www.abba-annecy.org\/NewVersion\/mission\/#breadcrumb\",\"itemListElement\":[{\"@type\":\"ListItem\",\"position\":1,\"name\":\"Accueil\",\"item\":\"https:\/\/www.abba-annecy.org\/NewVersion\/\"},{\"@type\":\"ListItem\",\"position\":2,\"name\":\"Mission\"}]},{\"@type\":\"WebSite\",\"@id\":\"https:\/\/www.abba-annecy.org\/NewVersion\/#website\",\"url\":\"https:\/\/www.abba-annecy.org\/NewVersion\/\",\"name\":\"Assembl\u00e9e Biblique du Bassin Ann\u00e9cien - ABBA - Eglise protestante \u00e9vang\u00e9lique - ANNECY\",\"description\":\"Assembl\u00e9e Biblique du Bassin Ann\u00e9cien- Culte \u00e0 10h15\",\"publisher\":{\"@id\":\"https:\/\/www.abba-annecy.org\/NewVersion\/#organization\"},\"alternateName\":\"ABBA - \u00e9glise Annecy\",\"potentialAction\":[{\"@type\":\"SearchAction\",\"target\":{\"@type\":\"EntryPoint\",\"urlTemplate\":\"https:\/\/www.abba-annecy.org\/NewVersion\/?s={search_term_string}\"},\"query-input\":{\"@type\":\"PropertyValueSpecification\",\"valueRequired\":true,\"valueName\":\"search_term_string\"}}],\"inLanguage\":\"fr-FR\"},{\"@type\":\"Organization\",\"@id\":\"https:\/\/www.abba-annecy.org\/NewVersion\/#organization\",\"name\":\"Assembl\u00e9e Biblique du Bassin Ann\u00e9cien - Eglise protestante \u00e9vang\u00e9lique - ANNECY\",\"alternateName\":\"ABBA - \u00e9glise annecy\",\"url\":\"https:\/\/www.abba-annecy.org\/NewVersion\/\",\"logo\":{\"@type\":\"ImageObject\",\"inLanguage\":\"fr-FR\",\"@id\":\"https:\/\/www.abba-annecy.org\/NewVersion\/#\/schema\/logo\/image\/\",\"url\":\"https:\/\/www.abba-annecy.org\/NewVersion\/wp-content\/uploads\/2023\/08\/logo.png\",\"contentUrl\":\"https:\/\/www.abba-annecy.org\/NewVersion\/wp-content\/uploads\/2023\/08\/logo.png\",\"width\":1500,\"height\":511,\"caption\":\"Assembl\u00e9e Biblique du Bassin Ann\u00e9cien - Eglise protestante \u00e9vang\u00e9lique - ANNECY\"},\"image\":{\"@id\":\"https:\/\/www.abba-annecy.org\/NewVersion\/#\/schema\/logo\/image\/\"}}]}<\/script>\n<!-- \/ Yoast SEO plugin. -->","yoast_head_json":{"title":"Mission - ABBA- Eglise \u00e9vang\u00e9lique - ANNECY Annecy - Eglise protestante \u00e9vang\u00e9lique","description":"Soutien des missionnaires en France et \u00e0 l'\u00e9tranger pour encourager les chr\u00e9tiens et diffuser la parole de Dieu","robots":{"index":"index","follow":"follow","max-snippet":"max-snippet:-1","max-image-preview":"max-image-preview:large","max-video-preview":"max-video-preview:-1"},"canonical":"https:\/\/www.abba-annecy.org\/NewVersion\/mission\/","og_locale":"fr_FR","og_type":"article","og_title":"Mission - ABBA- Eglise \u00e9vang\u00e9lique - ANNECY Annecy - Eglise protestante \u00e9vang\u00e9lique","og_description":"Soutien des missionnaires en France et \u00e0 l'\u00e9tranger pour encourager les chr\u00e9tiens et diffuser la parole de Dieu","og_url":"https:\/\/www.abba-annecy.org\/NewVersion\/mission\/","og_site_name":"ABBA- Eglise \u00e9vang\u00e9lique - ANNECY","article_modified_time":"2024-10-17T09:26:00+00:00","og_image":[{"width":2560,"height":1709,"url":"https:\/\/www.abba-annecy.org\/NewVersion\/wp-content\/uploads\/2023\/08\/ben-white-gEKMstKfZ6w-unsplash-scaled.jpg","type":"image\/jpeg"}],"twitter_card":"summary_large_image","twitter_misc":{"Dur\u00e9e de lecture estim\u00e9e":"1 minute"},"schema":{"@context":"https:\/\/schema.org","@graph":[{"@type":"WebPage","@id":"https:\/\/www.abba-annecy.org\/NewVersion\/mission\/","url":"https:\/\/www.abba-annecy.org\/NewVersion\/mission\/","name":"Mission - ABBA- Eglise \u00e9vang\u00e9lique - ANNECY Annecy - Eglise protestante \u00e9vang\u00e9lique","isPartOf":{"@id":"https:\/\/www.abba-annecy.org\/NewVersion\/#website"},"primaryImageOfPage":{"@id":"https:\/\/www.abba-annecy.org\/NewVersion\/mission\/#primaryimage"},"image":{"@id":"https:\/\/www.abba-annecy.org\/NewVersion\/mission\/#primaryimage"},"thumbnailUrl":"https:\/\/www.abba-annecy.org\/NewVersion\/wp-content\/uploads\/2023\/08\/ben-white-gEKMstKfZ6w-unsplash-scaled.jpg","datePublished":"2023-08-20T09:26:43+00:00","dateModified":"2024-10-17T09:26:00+00:00","description":"Soutien des missionnaires en France et \u00e0 l'\u00e9tranger pour encourager les chr\u00e9tiens et diffuser la parole de Dieu","breadcrumb":{"@id":"https:\/\/www.abba-annecy.org\/NewVersion\/mission\/#breadcrumb"},"inLanguage":"fr-FR","potentialAction":[{"@type":"ReadAction","target":["https:\/\/www.abba-annecy.org\/NewVersion\/mission\/"]}]},{"@type":"ImageObject","inLanguage":"fr-FR","@id":"https:\/\/www.abba-annecy.org\/NewVersion\/mission\/#primaryimage","url":"https:\/\/www.abba-annecy.org\/NewVersion\/wp-content\/uploads\/2023\/08\/ben-white-gEKMstKfZ6w-unsplash-scaled.jpg","contentUrl":"https:\/\/www.abba-annecy.org\/NewVersion\/wp-content\/uploads\/2023\/08\/ben-white-gEKMstKfZ6w-unsplash-scaled.jpg","width":2560,"height":1709},{"@type":"BreadcrumbList","@id":"https:\/\/www.abba-annecy.org\/NewVersion\/mission\/#breadcrumb","itemListElement":[{"@type":"ListItem","position":1,"name":"Accueil","item":"https:\/\/www.abba-annecy.org\/NewVersion\/"},{"@type":"ListItem","position":2,"name":"Mission"}]},{"@type":"WebSite","@id":"https:\/\/www.abba-annecy.org\/NewVersion\/#website","url":"https:\/\/www.abba-annecy.org\/NewVersion\/","name":"Assembl\u00e9e Biblique du Bassin Ann\u00e9cien - ABBA - Eglise protestante \u00e9vang\u00e9lique - ANNECY","description":"Assembl\u00e9e Biblique du Bassin Ann\u00e9cien- Culte \u00e0 10h15","publisher":{"@id":"https:\/\/www.abba-annecy.org\/NewVersion\/#organization"},"alternateName":"ABBA - \u00e9glise Annecy","potentialAction":[{"@type":"SearchAction","target":{"@type":"EntryPoint","urlTemplate":"https:\/\/www.abba-annecy.org\/NewVersion\/?s={search_term_string}"},"query-input":{"@type":"PropertyValueSpecification","valueRequired":true,"valueName":"search_term_string"}}],"inLanguage":"fr-FR"},{"@type":"Organization","@id":"https:\/\/www.abba-annecy.org\/NewVersion\/#organization","name":"Assembl\u00e9e Biblique du Bassin Ann\u00e9cien - Eglise protestante \u00e9vang\u00e9lique - ANNECY","alternateName":"ABBA - \u00e9glise annecy","url":"https:\/\/www.abba-annecy.org\/NewVersion\/","logo":{"@type":"ImageObject","inLanguage":"fr-FR","@id":"https:\/\/www.abba-annecy.org\/NewVersion\/#\/schema\/logo\/image\/","url":"https:\/\/www.abba-annecy.org\/NewVersion\/wp-content\/uploads\/2023\/08\/logo.png","contentUrl":"https:\/\/www.abba-annecy.org\/NewVersion\/wp-content\/uploads\/2023\/08\/logo.png","width":1500,"height":511,"caption":"Assembl\u00e9e Biblique du Bassin Ann\u00e9cien - Eglise protestante \u00e9vang\u00e9lique - ANNECY"},"image":{"@id":"https:\/\/www.abba-annecy.org\/NewVersion\/#\/schema\/logo\/image\/"}}]}},"uagb_featured_image_src":{"full":["https:\/\/www.abba-annecy.org\/NewVersion\/wp-content\/uploads\/2023\/08\/ben-white-gEKMstKfZ6w-unsplash-scaled.jpg",2560,1709,false],"thumbnail":["https:\/\/www.abba-annecy.org\/NewVersion\/wp-content\/uploads\/2023\/08\/ben-white-gEKMstKfZ6w-unsplash-150x150.jpg",150,150,true],"medium":["https:\/\/www.abba-annecy.org\/NewVersion\/wp-content\/uploads\/2023\/08\/ben-white-gEKMstKfZ6w-unsplash-300x200.jpg",300,200,true],"medium_large":["https:\/\/www.abba-annecy.org\/NewVersion\/wp-content\/uploads\/2023\/08\/ben-white-gEKMstKfZ6w-unsplash-768x513.jpg",768,513,true],"large":["https:\/\/www.abba-annecy.org\/NewVersion\/wp-content\/uploads\/2023\/08\/ben-white-gEKMstKfZ6w-unsplash-1024x684.jpg",780,521,true],"1536x1536":["https:\/\/www.abba-annecy.org\/NewVersion\/wp-content\/uploads\/2023\/08\/ben-white-gEKMstKfZ6w-unsplash-1536x1025.jpg",1536,1025,true],"2048x2048":["https:\/\/www.abba-annecy.org\/NewVersion\/wp-content\/uploads\/2023\/08\/ben-white-gEKMstKfZ6w-unsplash-2048x1367.jpg",2048,1367,true],"post-thumbnail":["https:\/\/www.abba-annecy.org\/NewVersion\/wp-content\/uploads\/2023\/08\/ben-white-gEKMstKfZ6w-unsplash-200x125.jpg",200,125,true],"faith-large-thumbnail":["https:\/\/www.abba-annecy.org\/NewVersion\/wp-content\/uploads\/2023\/08\/ben-white-gEKMstKfZ6w-unsplash-1600x500.jpg",1600,500,true],"faith-medium-thumbnail":["https:\/\/www.abba-annecy.org\/NewVersion\/wp-content\/uploads\/2023\/08\/ben-white-gEKMstKfZ6w-unsplash-800x250.jpg",800,250,true],"faith-normal-thumbnail":["https:\/\/www.abba-annecy.org\/NewVersion\/wp-content\/uploads\/2023\/08\/ben-white-gEKMstKfZ6w-unsplash-480x300.jpg",480,300,true]},"uagb_author_info":{"display_name":"admin","author_link":"https:\/\/www.abba-annecy.org\/NewVersion\/author\/admin\/"},"uagb_comment_info":0,"uagb_excerpt":"L&rsquo;\u00e9glise soutient plusieurs missionnaires \u0153uvrant en France et \u00e0 l&rsquo;\u00e9tranger afin d&rsquo;encourager les \u00e9glises locales et de diffuser la parole de Dieu aupr\u00e8s des populations.","_links":{"self":[{"href":"https:\/\/www.abba-annecy.org\/NewVersion\/wp-json\/wp\/v2\/pages\/3125","targetHints":{"allow":["GET"]}}],"collection":[{"href":"https:\/\/www.abba-annecy.org\/NewVersion\/wp-json\/wp\/v2\/pages"}],"about":[{"href":"https:\/\/www.abba-annecy.org\/NewVersion\/wp-json\/wp\/v2\/types\/page"}],"author":[{"embeddable":true,"href":"https:\/\/www.abba-annecy.org\/NewVersion\/wp-json\/wp\/v2\/users\/1"}],"replies":[{"embeddable":true,"href":"https:\/\/www.abba-annecy.org\/NewVersion\/wp-json\/wp\/v2\/comments?post=3125"}],"version-history":[{"count":2,"href":"https:\/\/www.abba-annecy.org\/NewVersion\/wp-json\/wp\/v2\/pages\/3125\/revisions"}],"predecessor-version":[{"id":3337,"href":"https:\/\/www.abba-annecy.org\/NewVersion\/wp-json\/wp\/v2\/pages\/3125\/revisions\/3337"}],"wp:featuredmedia":[{"embeddable":true,"href":"https:\/\/www.abba-annecy.org\/NewVersion\/wp-json\/wp\/v2\/media\/3122"}],"wp:attachment":[{"href":"https:\/\/www.abba-annecy.org\/NewVersion\/wp-json\/wp\/v2\/media?parent=3125"}],"curies":[{"name":"wp","href":"https:\/\/api.w.org\/{rel}","templated":true}]}}